{"id":2903,"date":"2019-02-12T10:05:52","date_gmt":"2019-02-12T09:05:52","guid":{"rendered":"http:\/\/2018.ureda.de\/?page_id=2903"},"modified":"2019-02-16T10:45:08","modified_gmt":"2019-02-16T09:45:08","slug":"ausschnitt-aus-kapitel-der-spiegel-im-spiegel","status":"publish","type":"page","link":"https:\/\/www.ureda.de\/?page_id=2903","title":{"rendered":"Auszug aus Kapitel &#8222;Der Spiegel im Spiegel&#8220;"},"content":{"rendered":"\n<p>\u00bbJa, das alles sind Denkweisen, die das Verharren in scheinbaren Unvereinbarkeiten \u00fcberwinden. Denn \u00fcblicherweise denken und ordnen wir alles nach Anfang und Ende, nach lebendig oder tot, nach Gut oder B\u00f6se, Geist oder K\u00f6rper und tausend anderen Gegens\u00e4tzen. Doch ein Faden besteht nicht aus Anfang und Ende, unser erlebtes Dasein ist nicht Geburt und Tod.<\/p>\n\n\n\n<p>Das Wesentliche ist dazwischen. Unser Leben ist weder Gestern noch Morgen, sondern jetzt, nie dort, immer hier, nie nur Gl\u00fcck oder Leid, Gut oder B\u00f6se. Das Dazwischen schreibt das Buch der Wandlung. Ist es vollendet, erkennt sich der Autor als Leser und der Leser als Autor.\u00ab<\/p>\n","protected":false},"excerpt":{"rendered":"<p>\u00bbJa, das alles sind Denkweisen, die das Verharren in scheinbaren Unvereinbarkeiten \u00fcberwinden. Denn \u00fcblicherweise denken und ordnen wir alles nach Anfang und Ende, nach lebendig oder tot, nach Gut oder B\u00f6se, Geist oder K\u00f6rper und tausend anderen Gegens\u00e4tzen. Doch ein Faden besteht nicht aus Anfang und Ende, unser erlebtes Dasein ist nicht Geburt und Tod. [&hellip;]<\/p>\n","protected":false},"author":1,"featured_media":0,"parent":2330,"menu_order":0,"comment_status":"closed","ping_status":"closed","template":"","meta":{"footnotes":""},"class_list":["post-2903","page","type-page","status-publish","hentry"],"_links":{"self":[{"href":"https:\/\/www.ureda.de\/index.php?rest_route=\/wp\/v2\/pages\/2903"}],"collection":[{"href":"https:\/\/www.ureda.de\/index.php?rest_route=\/wp\/v2\/pages"}],"about":[{"href":"https:\/\/www.ureda.de\/index.php?rest_route=\/wp\/v2\/types\/page"}],"author":[{"embeddable":true,"href":"https:\/\/www.ureda.de\/index.php?rest_route=\/wp\/v2\/users\/1"}],"replies":[{"embeddable":true,"href":"https:\/\/www.ureda.de\/index.php?rest_route=%2Fwp%2Fv2%2Fcomments&post=2903"}],"version-history":[{"count":3,"href":"https:\/\/www.ureda.de\/index.php?rest_route=\/wp\/v2\/pages\/2903\/revisions"}],"predecessor-version":[{"id":3366,"href":"https:\/\/www.ureda.de\/index.php?rest_route=\/wp\/v2\/pages\/2903\/revisions\/3366"}],"up":[{"embeddable":true,"href":"https:\/\/www.ureda.de\/index.php?rest_route=\/wp\/v2\/pages\/2330"}],"wp:attachment":[{"href":"https:\/\/www.ureda.de\/index.php?rest_route=%2Fwp%2Fv2%2Fmedia&parent=2903"}],"curies":[{"name":"wp","href":"https:\/\/api.w.org\/{rel}","templated":true}]}}